{"id":5305,"date":"2023-07-12T18:32:08","date_gmt":"2023-07-12T18:32:08","guid":{"rendered":"https:\/\/aitanasanchez.es\/advocat-incapacitat-laboral-barcelona\/"},"modified":"2024-12-19T10:49:53","modified_gmt":"2024-12-19T09:49:53","slug":"advocat-incapacitat-laboral-barcelona","status":"publish","type":"page","link":"https:\/\/aitanasanchez.es\/ca\/advocat-incapacitat-laboral-barcelona\/","title":{"rendered":"Advocat incapacitat laboral Barcelona"},"content":{"rendered":"\t\t<div data-elementor-type=\"wp-page\" data-elementor-id=\"5305\" class=\"elementor elementor-5305 elementor-511\" data-elementor-post-type=\"page\">\n\t\t\t\t\t\t<section class=\"elementor-section elementor-top-section elementor-element elementor-element-28628cfd elementor-section-height-min-height elementor-section-boxed elementor-section-height-default elementor-section-items-middle\" data-id=\"28628cfd\" data-element_type=\"section\" data-settings=\"{&quot;background_background&quot;:&quot;classic&quot;}\">\n\t\t\t\t\t\t\t<div class=\"elementor-background-overlay\"><\/div>\n\t\t\t\t\t\t\t<div class=\"elementor-container elementor-column-gap-default\">\n\t\t\t\t\t<div class=\"elementor-column elementor-col-100 elementor-top-column elementor-element elementor-element-12458c34\" data-id=\"12458c34\" data-element_type=\"column\">\n\t\t\t<div class=\"elementor-widget-wrap elementor-element-populated\">\n\t\t\t\t\t\t<div class=\"elementor-element elementor-element-713ced64 elementor-widget elementor-widget-text-editor\" data-id=\"713ced64\" data-element_type=\"widget\" data-widget_type=\"text-editor.default\">\n\t\t\t\t<div class=\"elementor-widget-container\">\n\t\t\t\t\t\t\t\t\t<p>Dret laboral<\/p>\n\t\t\t\t\t\t\t\t<\/div>\n\t\t\t\t<\/div>\n\t\t\t\t<div class=\"elementor-element elementor-element-4896db64 elementor-widget elementor-widget-heading\" data-id=\"4896db64\" data-element_type=\"widget\" data-widget_type=\"heading.default\">\n\t\t\t\t<div class=\"elementor-widget-container\">\n\t\t\t\t\t<h1 class=\"elementor-heading-title elementor-size-default\">Advocat incapacitat laboral Barcelona\n<\/h1>\t\t\t\t<\/div>\n\t\t\t\t<\/div>\n\t\t\t\t\t<\/div>\n\t\t<\/div>\n\t\t\t\t\t<\/div>\n\t\t<\/section>\n\t\t\t\t<section class=\"elementor-section elementor-top-section elementor-element elementor-element-11b60fae elementor-section-boxed elementor-section-height-default elementor-section-height-default\" data-id=\"11b60fae\" data-element_type=\"section\">\n\t\t\t\t\t\t<div class=\"elementor-container elementor-column-gap-default\">\n\t\t\t\t\t<div class=\"elementor-column elementor-col-50 elementor-top-column elementor-element elementor-element-6135be68\" data-id=\"6135be68\" data-element_type=\"column\">\n\t\t\t<div class=\"elementor-widget-wrap elementor-element-populated\">\n\t\t\t\t\t\t<div class=\"elementor-element elementor-element-767f3fb elementor-widget elementor-widget-heading\" data-id=\"767f3fb\" data-element_type=\"widget\" data-widget_type=\"heading.default\">\n\t\t\t\t<div class=\"elementor-widget-container\">\n\t\t\t\t\t<h4 class=\"elementor-heading-title elementor-size-default\">No podeu tornar a treballar?<\/h4>\t\t\t\t<\/div>\n\t\t\t\t<\/div>\n\t\t\t\t<div class=\"elementor-element elementor-element-72236128 elementor-widget__width-initial elementor-widget elementor-widget-heading\" data-id=\"72236128\" data-element_type=\"widget\" data-widget_type=\"heading.default\">\n\t\t\t\t<div class=\"elementor-widget-container\">\n\t\t\t\t\t<h2 class=\"elementor-heading-title elementor-size-default\">Com podem ajudar-te<\/h2>\t\t\t\t<\/div>\n\t\t\t\t<\/div>\n\t\t\t\t\t<\/div>\n\t\t<\/div>\n\t\t\t\t<div class=\"elementor-column elementor-col-50 elementor-top-column elementor-element elementor-element-5cb736fe\" data-id=\"5cb736fe\" data-element_type=\"column\">\n\t\t\t<div class=\"elementor-widget-wrap elementor-element-populated\">\n\t\t\t\t\t\t<div class=\"elementor-element elementor-element-68e9f206 elementor-widget__width-initial elementor-widget elementor-widget-text-editor\" data-id=\"68e9f206\" data-element_type=\"widget\" data-widget_type=\"text-editor.default\">\n\t\t\t\t<div class=\"elementor-widget-container\">\n\t\t\t\t\t\t\t\t\t<p><span style=\"color: #808080;\"><strong>si en el desenvolupament de la seva activitat laboral el treballador o treballadora pateix una lesi\u00f3 o malaltia que l&#8217;incapaciti per continuar amb les seves tasques, la llei protegeix el seu dret a una pensi\u00f3 per incapacitat laboral. No obstant, no sempre \u00e9s f\u00e0cil de tramitar-la. M\u00fatues, i administraci\u00f3 insistiran en qu\u00e8 cal demostrar el grau de limitaci\u00f3 f\u00edsica o mental que impedeix el retorn a la vida laboral. Per aix\u00f2 i perqu\u00e8 el procediment pot ser complex, \u00e9s necessari disposar d&#8217;un advocat especialista en incapacitat laboral que ajudi a obtenir una resposta satisfact\u00f2ria de la seguretat social.   <\/strong><\/span><\/p>\n\t\t\t\t\t\t\t\t<\/div>\n\t\t\t\t<\/div>\n\t\t\t\t\t<\/div>\n\t\t<\/div>\n\t\t\t\t\t<\/div>\n\t\t<\/section>\n\t\t\t\t<section class=\"elementor-section elementor-top-section elementor-element elementor-element-566f9b6b elementor-section-boxed elementor-section-height-default elementor-section-height-default\" data-id=\"566f9b6b\" data-element_type=\"section\">\n\t\t\t\t\t\t<div class=\"elementor-container elementor-column-gap-default\">\n\t\t\t\t\t<div class=\"elementor-column elementor-col-50 elementor-top-column elementor-element elementor-element-460a4b16\" data-id=\"460a4b16\" data-element_type=\"column\">\n\t\t\t<div class=\"elementor-widget-wrap elementor-element-populated\">\n\t\t\t\t\t\t<section class=\"elementor-section elementor-inner-section elementor-element elementor-element-578919a elementor-section-boxed elementor-section-height-default elementor-section-height-default\" data-id=\"578919a\" data-element_type=\"section\">\n\t\t\t\t\t\t<div class=\"elementor-container elementor-column-gap-default\">\n\t\t\t\t\t<div class=\"elementor-column elementor-col-100 elementor-inner-column elementor-element elementor-element-76b1eb16\" data-id=\"76b1eb16\" data-element_type=\"column\">\n\t\t\t<div class=\"elementor-widget-wrap elementor-element-populated\">\n\t\t\t\t\t\t<div class=\"elementor-element elementor-element-6cf93a8 elementor-widget elementor-widget-text-editor\" data-id=\"6cf93a8\" data-element_type=\"widget\" data-widget_type=\"text-editor.default\">\n\t\t\t\t<div class=\"elementor-widget-container\">\n\t\t\t\t\t\t\t\t\t<p><strong><span style=\"color: #808080;\">Com a experts en incapacitat laboral hem conegut de prop diferents problem\u00e0tiques i sabem molt b\u00e9 com orientar el client a la seva reclamaci\u00f3. Tant en expedients per via administrativa com per via judicial busquem les alternatives m\u00e9s viables per arribar a la pensi\u00f3 d&#8217;invalidesa sol\u00b7licitada.<\/span><\/strong><\/p>\n<p><strong><span style=\"color: #808080;\">La nostra relaci\u00f3 laboral amb professionals m\u00e8dics de diferents especialitats ens permet supervisar l&#8217;expedient m\u00e8dic i sol\u00b7licitar les proves addicionals per completar-ho.<\/span><\/strong><\/p>\n<p><strong><span style=\"color: #808080;\">Aix\u00ed, especialistes en Medicina Legal acompanyen aquesta fase perqu\u00e8 no hi hagi dubte en el moment de presentar-lo davant l&#8217;Administraci\u00f3 o davant del jutge. La personalitzaci\u00f3 dels nostres serveis \u00e9s clau, i per aix\u00f2 adaptem el nostre pressupost a les condicions particulars del client.<\/span><\/strong><\/p>\n<p><strong><span style=\"color: #808080;\">En tots els casos, l&#8217;acompanyament jur\u00eddic es fa de principi a fi i inclou la preparaci\u00f3 de l&#8217;expedient m\u00e8dic, la reclamaci\u00f3 per via administrativa i, quan no \u00e9s satisfact\u00f2ria, la presentaci\u00f3 del recurs, la demanda judicial o el recurs de suplicaci\u00f3.<\/span><\/strong><\/p>\n<p><strong><span style=\"color: #808080;\">Les etapes per demostrar una incapacitat laboral solen ser llargues i tedioses. \u00c9s per aix\u00f2 que resulta fonamental disposar d&#8217;un advocat especialista en incapacitat laboral, per evitar prendre males decisions que generin resultats insatisfactoris al&#8217;hora de tramitar una pensi\u00f3 per invalidesa.<\/span><\/strong><\/p>\n<p><strong><span style=\"color: #808080;\">En aquests procesos, l&#8217;Administraci\u00f3 i les asseguradores solen posar obstacles i alentir el proc\u00e9s de les reclamacions. Aix\u00ed, els afectats es veuen davant de situacions absurdes que nom\u00e9s aconsegueixen aprofundir la frustraci\u00f3 i l&#8217;angoixa mentre el temps corre en contra.<\/span><\/strong><\/p>\n<p><strong><span style=\"color: #808080;\">La nostra feina com a advocats especialistes en incapacitat laboral a Barcelona \u00e9s posar a disposici\u00f3 del pacient i dels seus familiars tots els mitjans disponibles per assolir una indemnitzaci\u00f3 satisfact\u00f2ria en cada cas: Pensi\u00f3 per incapacitat total, parcial o permanent, problemes econ\u00f2mics associats, despeses m\u00e8diques, etc.<\/span><\/strong><\/p>\n\t\t\t\t\t\t\t\t<\/div>\n\t\t\t\t<\/div>\n\t\t\t\t<div class=\"elementor-element elementor-element-f2d92b6 elementor-widget elementor-widget-spacer\" data-id=\"f2d92b6\" data-element_type=\"widget\" data-widget_type=\"spacer.default\">\n\t\t\t\t<div class=\"elementor-widget-container\">\n\t\t\t\t\t\t\t<div class=\"elementor-spacer\">\n\t\t\t<div class=\"elementor-spacer-inner\"><\/div>\n\t\t<\/div>\n\t\t\t\t\t\t<\/div>\n\t\t\t\t<\/div>\n\t\t\t\t\t<\/div>\n\t\t<\/div>\n\t\t\t\t\t<\/div>\n\t\t<\/section>\n\t\t\t\t\t<\/div>\n\t\t<\/div>\n\t\t\t\t<div class=\"elementor-column elementor-col-50 elementor-top-column elementor-element elementor-element-54c5a718\" data-id=\"54c5a718\" data-element_type=\"column\">\n\t\t\t<div class=\"elementor-widget-wrap elementor-element-populated\">\n\t\t\t\t\t\t<div class=\"elementor-element elementor-element-42186d8c elementor-widget elementor-widget-heading\" data-id=\"42186d8c\" data-element_type=\"widget\" data-widget_type=\"heading.default\">\n\t\t\t\t<div class=\"elementor-widget-container\">\n\t\t\t\t\t<h3 class=\"elementor-heading-title elementor-size-default\">Contacta amb nosaltres<\/h3>\t\t\t\t<\/div>\n\t\t\t\t<\/div>\n\t\t\t\t<div class=\"elementor-element elementor-element-08f17fb elementor-button-align-stretch elementor-widget elementor-widget-global elementor-global-5362 elementor-global-4726 elementor-widget-form\" data-id=\"08f17fb\" data-element_type=\"widget\" data-settings=\"{&quot;step_next_label&quot;:&quot;Seg\\u00fcent&quot;,&quot;step_previous_label&quot;:&quot;Anterior&quot;,&quot;button_width&quot;:&quot;100&quot;,&quot;step_type&quot;:&quot;number_text&quot;,&quot;step_icon_shape&quot;:&quot;circle&quot;}\" data-widget_type=\"form.default\">\n\t\t\t\t<div class=\"elementor-widget-container\">\n\t\t\t\t\t\t\t<form class=\"elementor-form\" method=\"post\" name=\"Nou formulari\" aria-label=\"Nou formulari\" novalidate=\"\">\n\t\t\t<input type=\"hidden\" name=\"post_id\" value=\"5305\"\/>\n\t\t\t<input type=\"hidden\" name=\"form_id\" value=\"08f17fb\"\/>\n\t\t\t<input type=\"hidden\" name=\"referer_title\" value=\"\" \/>\n\n\t\t\t\n\t\t\t<div class=\"elementor-form-fields-wrapper elementor-labels-\">\n\t\t\t\t\t\t\t\t<div class=\"elementor-field-type-text elementor-field-group elementor-column elementor-field-group-field_5eefcf6 elementor-col-100 elementor-field-required\">\n\t\t\t\t\t\t\t\t\t\t\t\t<label for=\"form-field-field_5eefcf6\" class=\"elementor-field-label elementor-screen-only\">\n\t\t\t\t\t\t\t\tNom\t\t\t\t\t\t\t<\/label>\n\t\t\t\t\t\t\t\t\t\t\t\t\t\t<input size=\"1\" type=\"text\" name=\"form_fields[field_5eefcf6]\" id=\"form-field-field_5eefcf6\" class=\"elementor-field elementor-size-sm  elementor-field-textual\" placeholder=\"Nom\" required=\"required\">\n\t\t\t\t\t\t\t\t\t\t\t<\/div>\n\t\t\t\t\t\t\t\t<div class=\"elementor-field-type-text elementor-field-group elementor-column elementor-field-group-field_7697785 elementor-col-100\">\n\t\t\t\t\t\t\t\t\t\t\t\t<label for=\"form-field-field_7697785\" class=\"elementor-field-label elementor-screen-only\">\n\t\t\t\t\t\t\t\tCognoms\t\t\t\t\t\t\t<\/label>\n\t\t\t\t\t\t\t\t\t\t\t\t\t\t<input size=\"1\" type=\"text\" name=\"form_fields[field_7697785]\" id=\"form-field-field_7697785\" class=\"elementor-field elementor-size-sm  elementor-field-textual\" placeholder=\"Cognoms\">\n\t\t\t\t\t\t\t\t\t\t\t<\/div>\n\t\t\t\t\t\t\t\t<div class=\"elementor-field-type-email elementor-field-group elementor-column elementor-field-group-email elementor-col-100 elementor-field-required\">\n\t\t\t\t\t\t\t\t\t\t\t\t<label for=\"form-field-email\" class=\"elementor-field-label elementor-screen-only\">\n\t\t\t\t\t\t\t\tCorreu electr\u00f2nic\t\t\t\t\t\t\t<\/label>\n\t\t\t\t\t\t\t\t\t\t\t\t\t\t<input size=\"1\" type=\"email\" name=\"form_fields[email]\" id=\"form-field-email\" class=\"elementor-field elementor-size-sm  elementor-field-textual\" placeholder=\"Email\" required=\"required\">\n\t\t\t\t\t\t\t\t\t\t\t<\/div>\n\t\t\t\t\t\t\t\t<div class=\"elementor-field-type-tel elementor-field-group elementor-column elementor-field-group-field_c73ff5d elementor-col-100 elementor-field-required\">\n\t\t\t\t\t\t\t\t\t\t\t\t<label for=\"form-field-field_c73ff5d\" class=\"elementor-field-label elementor-screen-only\">\n\t\t\t\t\t\t\t\tTel\u00e8fon\t\t\t\t\t\t\t<\/label>\n\t\t\t\t\t\t\t\t<input size=\"1\" type=\"tel\" name=\"form_fields[field_c73ff5d]\" id=\"form-field-field_c73ff5d\" class=\"elementor-field elementor-size-sm  elementor-field-textual\" placeholder=\"Tel\u00e8fon\" required=\"required\" pattern=\"[0-9()#&amp;+*-=.]+\" title=\"Only numbers and phone characters (#, -, *, etc) are accepted.\">\n\n\t\t\t\t\t\t<\/div>\n\t\t\t\t\t\t\t\t<div class=\"elementor-field-type-textarea elementor-field-group elementor-column elementor-field-group-field_9c15475 elementor-col-100 elementor-field-required\">\n\t\t\t\t\t\t\t\t\t\t\t\t<label for=\"form-field-field_9c15475\" class=\"elementor-field-label elementor-screen-only\">\n\t\t\t\t\t\t\t\tComentaris\t\t\t\t\t\t\t<\/label>\n\t\t\t\t\t\t<textarea class=\"elementor-field-textual elementor-field  elementor-size-sm\" name=\"form_fields[field_9c15475]\" id=\"form-field-field_9c15475\" rows=\"3\" placeholder=\"Els teus comentaris\" required=\"required\"><\/textarea>\t\t\t\t<\/div>\n\t\t\t\t\t\t\t\t<div class=\"elementor-field-type-acceptance elementor-field-group elementor-column elementor-field-group-field_8ec7cdc elementor-col-100 elementor-field-required\">\n\t\t\t\t\t\t\t\t\t\t\t\t<label for=\"form-field-field_8ec7cdc\" class=\"elementor-field-label elementor-screen-only\">\n\t\t\t\t\t\t\t\tAcceptaci\u00f3 Pol\u00edtica de Privacitat\t\t\t\t\t\t\t<\/label>\n\t\t\t\t\t\t\t\t<div class=\"elementor-field-subgroup\">\n\t\t\t<span class=\"elementor-field-option\">\n\t\t\t\t<input type=\"checkbox\" name=\"form_fields[field_8ec7cdc]\" id=\"form-field-field_8ec7cdc\" class=\"elementor-field elementor-size-sm  elementor-acceptance-field\" required=\"required\">\n\t\t\t\t<label for=\"form-field-field_8ec7cdc\"> Accepto la <a href=\"https:\/\/aitanasanchez.es\/politica-de-privacidad\/\" rel=\"nofollow noopener\">Pol\u00edtica de Privacidad <\/a><\/label>\t\t\t<\/span>\n\t\t<\/div>\n\t\t\t\t\t\t<\/div>\n\t\t\t\t\t\t\t\t<div class=\"elementor-field-group elementor-column elementor-field-type-submit elementor-col-100 e-form__buttons\">\n\t\t\t\t\t<button class=\"elementor-button elementor-size-sm\" type=\"submit\">\n\t\t\t\t\t\t<span class=\"elementor-button-content-wrapper\">\n\t\t\t\t\t\t\t\t\t\t\t\t\t\t\t\t\t\t\t\t\t\t<span class=\"elementor-button-text\">Enviar<\/span>\n\t\t\t\t\t\t\t\t\t\t\t\t\t<\/span>\n\t\t\t\t\t<\/button>\n\t\t\t\t<\/div>\n\t\t\t<\/div>\n\t\t<\/form>\n\t\t\t\t\t\t<\/div>\n\t\t\t\t<\/div>\n\t\t\t\t<div class=\"elementor-element elementor-element-7ddce18c elementor-widget elementor-widget-spacer\" data-id=\"7ddce18c\" data-element_type=\"widget\" data-widget_type=\"spacer.default\">\n\t\t\t\t<div class=\"elementor-widget-container\">\n\t\t\t\t\t\t\t<div class=\"elementor-spacer\">\n\t\t\t<div class=\"elementor-spacer-inner\"><\/div>\n\t\t<\/div>\n\t\t\t\t\t\t<\/div>\n\t\t\t\t<\/div>\n\t\t\t\t\t<\/div>\n\t\t<\/div>\n\t\t\t\t\t<\/div>\n\t\t<\/section>\n\t\t\t\t<section class=\"elementor-section elementor-top-section elementor-element elementor-element-53afbfcd elementor-section-boxed elementor-section-height-default elementor-section-height-default\" data-id=\"53afbfcd\" data-element_type=\"section\">\n\t\t\t\t\t\t<div class=\"elementor-container elementor-column-gap-default\">\n\t\t\t\t\t<div class=\"elementor-column elementor-col-50 elementor-top-column elementor-element elementor-element-4528241d\" data-id=\"4528241d\" data-element_type=\"column\">\n\t\t\t<div class=\"elementor-widget-wrap elementor-element-populated\">\n\t\t\t\t\t\t<div class=\"elementor-element elementor-element-5aea869b elementor-widget elementor-widget-heading\" data-id=\"5aea869b\" data-element_type=\"widget\" data-widget_type=\"heading.default\">\n\t\t\t\t<div class=\"elementor-widget-container\">\n\t\t\t\t\t<h4 class=\"elementor-heading-title elementor-size-default\">En qu\u00e8 et podem ajudar<\/h4>\t\t\t\t<\/div>\n\t\t\t\t<\/div>\n\t\t\t\t<div class=\"elementor-element elementor-element-2299bfe8 elementor-widget elementor-widget-heading\" data-id=\"2299bfe8\" data-element_type=\"widget\" data-widget_type=\"heading.default\">\n\t\t\t\t<div class=\"elementor-widget-container\">\n\t\t\t\t\t<h2 class=\"elementor-heading-title elementor-size-default\">Serveis jur\u00eddics per a incapacitat laboral\n<\/h2>\t\t\t\t<\/div>\n\t\t\t\t<\/div>\n\t\t\t\t<div class=\"elementor-element elementor-element-1850932f elementor-widget elementor-widget-text-editor\" data-id=\"1850932f\" data-element_type=\"widget\" data-widget_type=\"text-editor.default\">\n\t\t\t\t<div class=\"elementor-widget-container\">\n\t\t\t\t\t\t\t\t\t<p><strong><span style=\"color: #808080;\">Ajudem les persones que no es poden reincorporar a la seva feina degut a lesions, malalties o condicions m\u00e8diques, a obtenir un reconeixement de la seva incapacitat laboral i una pensi\u00f3 d&#8217;acord a les seves limitacions. <\/span><\/strong><\/p>\n\t\t\t\t\t\t\t\t<\/div>\n\t\t\t\t<\/div>\n\t\t\t\t\t<\/div>\n\t\t<\/div>\n\t\t\t\t<div class=\"elementor-column elementor-col-50 elementor-top-column elementor-element elementor-element-2b732421\" data-id=\"2b732421\" data-element_type=\"column\">\n\t\t\t<div class=\"elementor-widget-wrap elementor-element-populated\">\n\t\t\t\t\t\t<section class=\"elementor-section elementor-inner-section elementor-element elementor-element-41325a8e elementor-section-boxed elementor-section-height-default elementor-section-height-default\" data-id=\"41325a8e\" data-element_type=\"section\" data-settings=\"{&quot;motion_fx_motion_fx_scrolling&quot;:&quot;yes&quot;,&quot;motion_fx_translateY_effect&quot;:&quot;yes&quot;,&quot;motion_fx_translateY_speed&quot;:{&quot;unit&quot;:&quot;px&quot;,&quot;size&quot;:&quot;1&quot;,&quot;sizes&quot;:[]},&quot;motion_fx_translateY_affectedRange&quot;:{&quot;unit&quot;:&quot;%&quot;,&quot;size&quot;:&quot;&quot;,&quot;sizes&quot;:{&quot;start&quot;:&quot;0&quot;,&quot;end&quot;:&quot;50&quot;}},&quot;motion_fx_opacity_effect&quot;:&quot;yes&quot;,&quot;motion_fx_opacity_range&quot;:{&quot;unit&quot;:&quot;%&quot;,&quot;size&quot;:&quot;&quot;,&quot;sizes&quot;:{&quot;start&quot;:&quot;0&quot;,&quot;end&quot;:&quot;30&quot;}},&quot;motion_fx_devices&quot;:[&quot;desktop&quot;],&quot;motion_fx_opacity_direction&quot;:&quot;out-in&quot;,&quot;motion_fx_opacity_level&quot;:{&quot;unit&quot;:&quot;px&quot;,&quot;size&quot;:10,&quot;sizes&quot;:[]}}\">\n\t\t\t\t\t\t<div class=\"elementor-container elementor-column-gap-default\">\n\t\t\t\t\t<div class=\"elementor-column elementor-col-50 elementor-inner-column elementor-element elementor-element-2e8386b9\" data-id=\"2e8386b9\" data-element_type=\"column\">\n\t\t\t<div class=\"elementor-widget-wrap elementor-element-populated\">\n\t\t\t\t\t\t<div class=\"elementor-element elementor-element-32ff5fd7 elementor-cta--skin-cover elementor-cta--valign-middle elementor-widget elementor-widget-call-to-action\" data-id=\"32ff5fd7\" data-element_type=\"widget\" data-widget_type=\"call-to-action.default\">\n\t\t\t\t<div class=\"elementor-widget-container\">\n\t\t\t\t\t\t\t<a class=\"elementor-cta\" href=\"#\">\n\t\t\t\t\t<div class=\"elementor-cta__bg-wrapper\">\n\t\t\t\t<div class=\"elementor-cta__bg elementor-bg\" style=\"background-image: url();\" role=\"img\" aria-label=\"\"><\/div>\n\t\t\t\t<div class=\"elementor-cta__bg-overlay\"><\/div>\n\t\t\t<\/div>\n\t\t\t\t\t\t\t<div class=\"elementor-cta__content\">\n\t\t\t\t\n\t\t\t\t\t\t\t\t\t<h2 class=\"elementor-cta__title elementor-cta__content-item elementor-content-item\">\n\t\t\t\t\t\tAssessorament\t\t\t\t\t<\/h2>\n\t\t\t\t\n\t\t\t\t\t\t\t\t\t<div class=\"elementor-cta__description elementor-cta__content-item elementor-content-item\">\n\t\t\t\t\t\t<p>A la fase administrativa t'assessorem en el procediment davant de l'INSS i el Tribunal M\u00e8dic.<\/p>\n\t\t\t\t\t<\/div>\n\t\t\t\t\n\t\t\t\t\t\t\t<\/div>\n\t\t\t\t\t\t<\/a>\n\t\t\t\t\t\t<\/div>\n\t\t\t\t<\/div>\n\t\t\t\t\t<\/div>\n\t\t<\/div>\n\t\t\t\t<div class=\"elementor-column elementor-col-50 elementor-inner-column elementor-element elementor-element-216c0ca7\" data-id=\"216c0ca7\" data-element_type=\"column\">\n\t\t\t<div class=\"elementor-widget-wrap elementor-element-populated\">\n\t\t\t\t\t\t<div class=\"elementor-element elementor-element-994c2cc elementor-cta--skin-cover elementor-cta--valign-middle elementor-widget elementor-widget-call-to-action\" data-id=\"994c2cc\" data-element_type=\"widget\" data-widget_type=\"call-to-action.default\">\n\t\t\t\t<div class=\"elementor-widget-container\">\n\t\t\t\t\t\t\t<a class=\"elementor-cta\" href=\"#\">\n\t\t\t\t\t<div class=\"elementor-cta__bg-wrapper\">\n\t\t\t\t<div class=\"elementor-cta__bg elementor-bg\" style=\"background-image: url();\" role=\"img\" aria-label=\"\"><\/div>\n\t\t\t\t<div class=\"elementor-cta__bg-overlay\"><\/div>\n\t\t\t<\/div>\n\t\t\t\t\t\t\t<div class=\"elementor-cta__content\">\n\t\t\t\t\n\t\t\t\t\t\t\t\t\t<h2 class=\"elementor-cta__title elementor-cta__content-item elementor-content-item\">\n\t\t\t\t\t\tDemanda al jutjat\t\t\t\t\t<\/h2>\n\t\t\t\t\n\t\t\t\t\t\t\t\t\t<div class=\"elementor-cta__description elementor-cta__content-item elementor-content-item\">\n\t\t\t\t\t\t<p>Estudiem el teu cas per representar-te davant d'inst\u00e0ncies judicials.<\/p>\n\t\t\t\t\t<\/div>\n\t\t\t\t\n\t\t\t\t\t\t\t<\/div>\n\t\t\t\t\t\t<\/a>\n\t\t\t\t\t\t<\/div>\n\t\t\t\t<\/div>\n\t\t\t\t\t<\/div>\n\t\t<\/div>\n\t\t\t\t\t<\/div>\n\t\t<\/section>\n\t\t\t\t<section class=\"elementor-section elementor-inner-section elementor-element elementor-element-1ceb7dbb elementor-section-boxed elementor-section-height-default elementor-section-height-default\" data-id=\"1ceb7dbb\" data-element_type=\"section\" data-settings=\"{&quot;motion_fx_motion_fx_scrolling&quot;:&quot;yes&quot;,&quot;motion_fx_translateY_effect&quot;:&quot;yes&quot;,&quot;motion_fx_translateY_speed&quot;:{&quot;unit&quot;:&quot;px&quot;,&quot;size&quot;:&quot;1.5&quot;,&quot;sizes&quot;:[]},&quot;motion_fx_translateY_affectedRange&quot;:{&quot;unit&quot;:&quot;%&quot;,&quot;size&quot;:&quot;&quot;,&quot;sizes&quot;:{&quot;start&quot;:&quot;0&quot;,&quot;end&quot;:&quot;40&quot;}},&quot;motion_fx_opacity_effect&quot;:&quot;yes&quot;,&quot;motion_fx_opacity_range&quot;:{&quot;unit&quot;:&quot;%&quot;,&quot;size&quot;:&quot;&quot;,&quot;sizes&quot;:{&quot;start&quot;:&quot;0&quot;,&quot;end&quot;:&quot;40&quot;}},&quot;motion_fx_devices&quot;:[&quot;desktop&quot;],&quot;motion_fx_opacity_direction&quot;:&quot;out-in&quot;,&quot;motion_fx_opacity_level&quot;:{&quot;unit&quot;:&quot;px&quot;,&quot;size&quot;:10,&quot;sizes&quot;:[]}}\">\n\t\t\t\t\t\t<div class=\"elementor-container elementor-column-gap-default\">\n\t\t\t\t\t<div class=\"elementor-column elementor-col-50 elementor-inner-column elementor-element elementor-element-181c063c\" data-id=\"181c063c\" data-element_type=\"column\">\n\t\t\t<div class=\"elementor-widget-wrap elementor-element-populated\">\n\t\t\t\t\t\t<div class=\"elementor-element elementor-element-3c3e11da elementor-cta--skin-cover elementor-cta--valign-middle elementor-widget elementor-widget-call-to-action\" data-id=\"3c3e11da\" data-element_type=\"widget\" data-widget_type=\"call-to-action.default\">\n\t\t\t\t<div class=\"elementor-widget-container\">\n\t\t\t\t\t\t\t<a class=\"elementor-cta\" href=\"#\">\n\t\t\t\t\t<div class=\"elementor-cta__bg-wrapper\">\n\t\t\t\t<div class=\"elementor-cta__bg elementor-bg\" style=\"background-image: url();\" role=\"img\" aria-label=\"\"><\/div>\n\t\t\t\t<div class=\"elementor-cta__bg-overlay\"><\/div>\n\t\t\t<\/div>\n\t\t\t\t\t\t\t<div class=\"elementor-cta__content\">\n\t\t\t\t\n\t\t\t\t\t\t\t\t\t<h2 class=\"elementor-cta__title elementor-cta__content-item elementor-content-item\">\n\t\t\t\t\t\tComptem amb p\u00e8rits\t\t\t\t\t<\/h2>\n\t\t\t\t\n\t\t\t\t\t\t\t\t\t<div class=\"elementor-cta__description elementor-cta__content-item elementor-content-item\">\n\t\t\t\t\t\t<p>Metges a totes les especialitats per supervisar l'expedient m\u00e8dic.<\/p>\n\t\t\t\t\t<\/div>\n\t\t\t\t\n\t\t\t\t\t\t\t<\/div>\n\t\t\t\t\t\t<\/a>\n\t\t\t\t\t\t<\/div>\n\t\t\t\t<\/div>\n\t\t\t\t\t<\/div>\n\t\t<\/div>\n\t\t\t\t<div class=\"elementor-column elementor-col-50 elementor-inner-column elementor-element elementor-element-1e3e9da\" data-id=\"1e3e9da\" data-element_type=\"column\">\n\t\t\t<div class=\"elementor-widget-wrap elementor-element-populated\">\n\t\t\t\t\t\t<div class=\"elementor-element elementor-element-5f1c7c28 elementor-cta--skin-cover elementor-cta--valign-middle elementor-widget elementor-widget-call-to-action\" data-id=\"5f1c7c28\" data-element_type=\"widget\" data-widget_type=\"call-to-action.default\">\n\t\t\t\t<div class=\"elementor-widget-container\">\n\t\t\t\t\t\t\t<a class=\"elementor-cta\" href=\"#\">\n\t\t\t\t\t<div class=\"elementor-cta__bg-wrapper\">\n\t\t\t\t<div class=\"elementor-cta__bg elementor-bg\" style=\"background-image: url();\" role=\"img\" aria-label=\"\"><\/div>\n\t\t\t\t<div class=\"elementor-cta__bg-overlay\"><\/div>\n\t\t\t<\/div>\n\t\t\t\t\t\t\t<div class=\"elementor-cta__content\">\n\t\t\t\t\n\t\t\t\t\t\t\t\t\t<h2 class=\"elementor-cta__title elementor-cta__content-item elementor-content-item\">\n\t\t\t\t\t\tSeguiment\t\t\t\t\t<\/h2>\n\t\t\t\t\n\t\t\t\t\t\t\t\t\t<div class=\"elementor-cta__description elementor-cta__content-item elementor-content-item\">\n\t\t\t\t\t\t<p>Compte amb nosaltres en tot el proc\u00e9s, des de preparar l'expedient fins al recurs de suplicaci\u00f3.<\/p>\n\t\t\t\t\t<\/div>\n\t\t\t\t\n\t\t\t\t\t\t\t<\/div>\n\t\t\t\t\t\t<\/a>\n\t\t\t\t\t\t<\/div>\n\t\t\t\t<\/div>\n\t\t\t\t\t<\/div>\n\t\t<\/div>\n\t\t\t\t\t<\/div>\n\t\t<\/section>\n\t\t\t\t\t<\/div>\n\t\t<\/div>\n\t\t\t\t\t<\/div>\n\t\t<\/section>\n\t\t\t\t<section class=\"elementor-section elementor-top-section elementor-element elementor-element-6af35fb0 elementor-section-boxed elementor-section-height-default elementor-section-height-default\" data-id=\"6af35fb0\" data-element_type=\"section\">\n\t\t\t\t\t\t<div class=\"elementor-container elementor-column-gap-default\">\n\t\t\t\t\t<div class=\"elementor-column elementor-col-66 elementor-top-column elementor-element elementor-element-6627dc14\" data-id=\"6627dc14\" data-element_type=\"column\">\n\t\t\t<div class=\"elementor-widget-wrap elementor-element-populated\">\n\t\t\t\t\t\t<div class=\"elementor-element elementor-element-ccf4938 elementor-widget elementor-widget-heading\" data-id=\"ccf4938\" data-element_type=\"widget\" data-widget_type=\"heading.default\">\n\t\t\t\t<div class=\"elementor-widget-container\">\n\t\t\t\t\t<h2 class=\"elementor-heading-title elementor-size-default\">Incapacitats laborals m\u00e9s habituals<\/h2>\t\t\t\t<\/div>\n\t\t\t\t<\/div>\n\t\t\t\t<div class=\"elementor-element elementor-element-370726e9 elementor-widget elementor-widget-heading\" data-id=\"370726e9\" data-element_type=\"widget\" data-widget_type=\"heading.default\">\n\t\t\t\t<div class=\"elementor-widget-container\">\n\t\t\t\t\t<h5 class=\"elementor-heading-title elementor-size-default\">Incapacitat per fibromi\u00e0lgia<\/h5>\t\t\t\t<\/div>\n\t\t\t\t<\/div>\n\t\t\t\t<div class=\"elementor-element elementor-element-53bf9a9e elementor-widget elementor-widget-text-editor\" data-id=\"53bf9a9e\" data-element_type=\"widget\" data-widget_type=\"text-editor.default\">\n\t\t\t\t<div class=\"elementor-widget-container\">\n\t\t\t\t\t\t\t\t\t<p><strong><span style=\"color: #808080;\">Els casos de fibromi\u00e0lgia de Grau II o moderada poden ser reconeguts com a incapacitat permanent total, sobretot en professions que impliquen esfor\u00e7 f\u00edsic com les relacionades amb construcci\u00f3, emmagatzematge, mec\u00e0nica, neteja, etc. per\u00f2 tamb\u00e9 hi ha expedients de treballs sedentaris que han obtingut una incapacitat total per fibromi\u00e0lgia. Quan es reconeix la qualificaci\u00f3 de Grau III o fibromi\u00e0lgia severa i es pateixen altres patologies importants com fatiga cr\u00f2nica o c\u00f2lon irritable, entre d&#8217;altres es pot sol\u00b7licitar incapacitat permanent absoluta.<\/span><\/strong><\/p>\n\t\t\t\t\t\t\t\t<\/div>\n\t\t\t\t<\/div>\n\t\t\t\t<div class=\"elementor-element elementor-element-44bffe0a elementor-widget elementor-widget-heading\" data-id=\"44bffe0a\" data-element_type=\"widget\" data-widget_type=\"heading.default\">\n\t\t\t\t<div class=\"elementor-widget-container\">\n\t\t\t\t\t<h5 class=\"elementor-heading-title elementor-size-default\">Incapacidad por c\u00e1ncer<\/h5>\t\t\t\t<\/div>\n\t\t\t\t<\/div>\n\t\t\t\t<div class=\"elementor-element elementor-element-27730c95 elementor-widget elementor-widget-text-editor\" data-id=\"27730c95\" data-element_type=\"widget\" data-widget_type=\"text-editor.default\">\n\t\t\t\t<div class=\"elementor-widget-container\">\n\t\t\t\t\t\t\t\t\t<p><strong><span style=\"color: #808080;\">Incapacitat per c\u00e0ncer Tot i que cada situaci\u00f3 \u00e9s \u00fanica i hi ha treballadors amb tractament oncol\u00f2gic que poden complir amb mitja jornada o fins i tot, jornades completes, \u00e9s molt important tenir en compte que un diagn\u00f2stic per c\u00e0ncer atorga el dret a demanar una baixa laboral per incapacitat temporal. Aquesta baixa tindr\u00e0 una durada m\u00e0xima de 12 mesos prorrogable fins a 6 mesos m\u00e9s.<\/span><\/strong><\/p>\n\t\t\t\t\t\t\t\t<\/div>\n\t\t\t\t<\/div>\n\t\t\t\t<div class=\"elementor-element elementor-element-2b1551cd elementor-widget elementor-widget-heading\" data-id=\"2b1551cd\" data-element_type=\"widget\" data-widget_type=\"heading.default\">\n\t\t\t\t<div class=\"elementor-widget-container\">\n\t\t\t\t\t<h5 class=\"elementor-heading-title elementor-size-default\">Incapacitat per malaltia mental<\/h5>\t\t\t\t<\/div>\n\t\t\t\t<\/div>\n\t\t\t\t<div class=\"elementor-element elementor-element-414d1f78 elementor-widget elementor-widget-text-editor\" data-id=\"414d1f78\" data-element_type=\"widget\" data-widget_type=\"text-editor.default\">\n\t\t\t\t<div class=\"elementor-widget-container\">\n\t\t\t\t\t\t\t\t\t<p><strong><span style=\"color: #808080;\">Actualment, els problemes de salut mental com la depressi\u00f3, l&#8217;ansietat, els trastorns per estr\u00e8s posttraum\u00e0tic, el trastorn bipolar i l&#8217;esquizofr\u00e8nia, entre d&#8217;altres, s\u00f3n reconeguts com a malalties que impedeixen una adaptaci\u00f3 correcta a l&#8217;entorn laboral i social. En aquesta mesura, les sent\u00e8ncies judicials poden donar suport al treballador en la petici\u00f3 de prorrogar una baixa laboral i fins i tot, en la concessi\u00f3 d&#8217;una incapacitat permanent per trastorn mental o trastorn de la personalitat. <\/span><\/strong><\/p>\n\t\t\t\t\t\t\t\t<\/div>\n\t\t\t\t<\/div>\n\t\t\t\t<div class=\"elementor-element elementor-element-211a06e7 elementor-widget elementor-widget-heading\" data-id=\"211a06e7\" data-element_type=\"widget\" data-widget_type=\"heading.default\">\n\t\t\t\t<div class=\"elementor-widget-container\">\n\t\t\t\t\t<h5 class=\"elementor-heading-title elementor-size-default\">Incapacitat per dolor neurop\u00e0tic<\/h5>\t\t\t\t<\/div>\n\t\t\t\t<\/div>\n\t\t\t\t<div class=\"elementor-element elementor-element-32a6617 elementor-widget elementor-widget-text-editor\" data-id=\"32a6617\" data-element_type=\"widget\" data-widget_type=\"text-editor.default\">\n\t\t\t\t<div class=\"elementor-widget-container\">\n\t\t\t\t\t\t\t\t\t<p><strong><span style=\"color: #808080;\">Actualment, es reconeixen m\u00e9s de cent tipus diferents de neuropaties i, un cop el neur\u00f2leg n&#8217;ha em\u00e8s el diagn\u00f2stic, es pot avaluar l&#8217;afectaci\u00f3 que provoca al pacient. Hi ha persones que no poden portar una vida normal ni en l&#8217;\u00e0mbit personal ni laboral, per la qual cosa poden demanar una incapacitat permanent per dolor neurop\u00e0tic.<\/span><\/strong><\/p>\n\t\t\t\t\t\t\t\t<\/div>\n\t\t\t\t<\/div>\n\t\t\t\t<div class=\"elementor-element elementor-element-2d2194f elementor-widget elementor-widget-heading\" data-id=\"2d2194f\" data-element_type=\"widget\" data-widget_type=\"heading.default\">\n\t\t\t\t<div class=\"elementor-widget-container\">\n\t\t\t\t\t<h5 class=\"elementor-heading-title elementor-size-default\">Incapacitat per malaltia cr\u00f2nica<\/h5>\t\t\t\t<\/div>\n\t\t\t\t<\/div>\n\t\t\t\t<div class=\"elementor-element elementor-element-254c4922 elementor-widget elementor-widget-text-editor\" data-id=\"254c4922\" data-element_type=\"widget\" data-widget_type=\"text-editor.default\">\n\t\t\t\t<div class=\"elementor-widget-container\">\n\t\t\t\t\t\t\t\t\t<p><strong><span style=\"color: #808080;\">Malalties cr\u00f2niques com diabetis, artritis reumatoide, malalties card\u00edaques o trastorns neurol\u00f2gics, s\u00f3n la principal causa de mort i incapacitat al m\u00f3n. Aquestes poden afectar la capacitat d&#8217;una persona per exercir algunes tasques laborals perqu\u00e8 les seves conseq\u00fc\u00e8ncies s\u00f3n de llarga durada i progressi\u00f3 lenta. Si us pregunteu com tramitar una incapacitat per malaltia cr\u00f2nica, us donem les respostes.<\/span><\/strong>.  <\/p>\n\t\t\t\t\t\t\t\t<\/div>\n\t\t\t\t<\/div>\n\t\t\t\t<div class=\"elementor-element elementor-element-8629999 elementor-widget elementor-widget-heading\" data-id=\"8629999\" data-element_type=\"widget\" data-widget_type=\"heading.default\">\n\t\t\t\t<div class=\"elementor-widget-container\">\n\t\t\t\t\t<h5 class=\"elementor-heading-title elementor-size-default\">Incapacitat despr\u00e9s d'accidents de tr\u00e0nsit<\/h5>\t\t\t\t<\/div>\n\t\t\t\t<\/div>\n\t\t\t\t<div class=\"elementor-element elementor-element-3d699f8 elementor-widget elementor-widget-text-editor\" data-id=\"3d699f8\" data-element_type=\"widget\" data-widget_type=\"text-editor.default\">\n\t\t\t\t<div class=\"elementor-widget-container\">\n\t\t\t\t\t\t\t\t\t<p><strong><span style=\"color: #808080;\">Les lesions greus causades per accidents de tr\u00e0nsit poden portar a una incapacitat temporal o permanent per desenvolupar la feina, depenent de la gravetat de les lesions. Per aix\u00f2, \u00e9s fonamental assessorar-se amb un advocat especialista en incapacitat laboral per tirar endavant el proc\u00e9s.<\/span><\/strong><\/p>\n\t\t\t\t\t\t\t\t<\/div>\n\t\t\t\t<\/div>\n\t\t\t\t\t<\/div>\n\t\t<\/div>\n\t\t\t\t<div class=\"elementor-column elementor-col-33 elementor-top-column elementor-element elementor-element-5ff4e3c7\" data-id=\"5ff4e3c7\" data-element_type=\"column\">\n\t\t\t<div class=\"elementor-widget-wrap\">\n\t\t\t\t\t\t\t<\/div>\n\t\t<\/div>\n\t\t\t\t\t<\/div>\n\t\t<\/section>\n\t\t\t\t<section class=\"elementor-section elementor-top-section elementor-element elementor-element-53559c56 elementor-section-boxed elementor-section-height-default elementor-section-height-default\" data-id=\"53559c56\" data-element_type=\"section\" data-settings=\"{&quot;background_background&quot;:&quot;classic&quot;}\">\n\t\t\t\t\t\t<div class=\"elementor-container elementor-column-gap-default\">\n\t\t\t\t\t<div class=\"elementor-column elementor-col-100 elementor-top-column elementor-element elementor-element-5924eb6e\" data-id=\"5924eb6e\" data-element_type=\"column\" data-settings=\"{&quot;background_background&quot;:&quot;classic&quot;}\">\n\t\t\t<div class=\"elementor-widget-wrap elementor-element-populated\">\n\t\t\t\t\t\t<div class=\"elementor-element elementor-element-1b34234c elementor-widget elementor-widget-heading\" data-id=\"1b34234c\" data-element_type=\"widget\" data-widget_type=\"heading.default\">\n\t\t\t\t<div class=\"elementor-widget-container\">\n\t\t\t\t\t<h2 class=\"elementor-heading-title elementor-size-default\">Resol els teus dubtes sobre qu\u00e8 fer davant d'una incapacitat laboral<\/h2>\t\t\t\t<\/div>\n\t\t\t\t<\/div>\n\t\t\t\t<div class=\"elementor-element elementor-element-1995917f elementor-widget elementor-widget-text-editor\" data-id=\"1995917f\" data-element_type=\"widget\" data-widget_type=\"text-editor.default\">\n\t\t\t\t<div class=\"elementor-widget-container\">\n\t\t\t\t\t\t\t\t\t<p>Accedeix a la nostra secci\u00f3 de Preguntes Freq\u00fcents per aclarir els dubtes m\u00e9s habituals<\/p>\n\t\t\t\t\t\t\t\t<\/div>\n\t\t\t\t<\/div>\n\t\t\t\t<div class=\"elementor-element elementor-element-3195b87f elementor-align-center elementor-widget elementor-widget-button\" data-id=\"3195b87f\" data-element_type=\"widget\" data-widget_type=\"button.default\">\n\t\t\t\t<div class=\"elementor-widget-container\">\n\t\t\t\t\t\t\t\t\t<div class=\"elementor-button-wrapper\">\n\t\t\t\t\t<a class=\"elementor-button elementor-button-link elementor-size-md\" href=\"https:\/\/aitanasanchez.es\/ca\/faqs\/\">\n\t\t\t\t\t\t<span class=\"elementor-button-content-wrapper\">\n\t\t\t\t\t\t<span class=\"elementor-button-icon\">\n\t\t\t\t<i aria-hidden=\"true\" class=\"fas fa-long-arrow-alt-right\"><\/i>\t\t\t<\/span>\n\t\t\t\t\t\t\t\t\t<span class=\"elementor-button-text\">M\u00e9s informaci\u00f3<\/span>\n\t\t\t\t\t<\/span>\n\t\t\t\t\t<\/a>\n\t\t\t\t<\/div>\n\t\t\t\t\t\t\t\t<\/div>\n\t\t\t\t<\/div>\n\t\t\t\t\t<\/div>\n\t\t<\/div>\n\t\t\t\t\t<\/div>\n\t\t<\/section>\n\t\t\t\t<section class=\"elementor-section elementor-top-section elementor-element elementor-element-dbdb2ce elementor-section-full_width elementor-section-height-default elementor-section-height-default\" data-id=\"dbdb2ce\" data-element_type=\"section\">\n\t\t\t\t\t\t<div class=\"elementor-container elementor-column-gap-no\">\n\t\t\t\t\t<div class=\"elementor-column elementor-col-100 elementor-top-column elementor-element elementor-element-3bf54572\" data-id=\"3bf54572\" data-element_type=\"column\">\n\t\t\t<div class=\"elementor-widget-wrap elementor-element-populated\">\n\t\t\t\t\t\t<div class=\"elementor-element elementor-element-5343f8cb elementor-widget elementor-widget-heading\" data-id=\"5343f8cb\" data-element_type=\"widget\" data-widget_type=\"heading.default\">\n\t\t\t\t<div class=\"elementor-widget-container\">\n\t\t\t\t\t<h2 class=\"elementor-heading-title elementor-size-default\">Articles del blog<\/h2>\t\t\t\t<\/div>\n\t\t\t\t<\/div>\n\t\t\t\t<div class=\"elementor-element elementor-element-20bc127c elementor-grid-3 elementor-grid-tablet-2 elementor-grid-mobile-1 elementor-posts--thumbnail-top elementor-card-shadow-yes elementor-posts__hover-gradient elementor-widget elementor-widget-posts\" data-id=\"20bc127c\" data-element_type=\"widget\" data-settings=\"{&quot;cards_columns&quot;:&quot;3&quot;,&quot;cards_columns_tablet&quot;:&quot;2&quot;,&quot;cards_columns_mobile&quot;:&quot;1&quot;,&quot;cards_row_gap&quot;:{&quot;unit&quot;:&quot;px&quot;,&quot;size&quot;:35,&quot;sizes&quot;:[]},&quot;cards_row_gap_tablet&quot;:{&quot;unit&quot;:&quot;px&quot;,&quot;size&quot;:&quot;&quot;,&quot;sizes&quot;:[]},&quot;cards_row_gap_mobile&quot;:{&quot;unit&quot;:&quot;px&quot;,&quot;size&quot;:&quot;&quot;,&quot;sizes&quot;:[]}}\" data-widget_type=\"posts.cards\">\n\t\t\t\t<div class=\"elementor-widget-container\">\n\t\t\t\t\t\t\t<div class=\"elementor-posts-container elementor-posts elementor-posts--skin-cards elementor-grid\" role=\"list\">\n\t\t\t\t<article class=\"elementor-post elementor-grid-item post-6430 post type-post status-publish format-standard has-post-thumbnail hentry category-advocat-accident-de-transit tag-accidents-de-transit\" role=\"listitem\">\n\t\t\t<div class=\"elementor-post__card\">\n\t\t\t\t<a class=\"elementor-post__thumbnail__link\" href=\"https:\/\/aitanasanchez.es\/ca\/advocat-accident-de-transit\/abogado-especialista-en-accidentes-de-trafico-en-barcelona-cuando-y-como-pedir-una-indemnizacion\/\" tabindex=\"-1\" ><div class=\"elementor-post__thumbnail\"><img fetchpriority=\"high\" decoding=\"async\" width=\"300\" height=\"200\" src=\"https:\/\/aitanasanchez.es\/wp-content\/uploads\/2026\/04\/view-wuxi-lihu-natural-park-300x200.jpg\" class=\"attachment-medium size-medium wp-image-6431\" alt=\"Abogado especialista en accidentes de tr\u00e1fico en Barcelona: cu\u00e1ndo y c\u00f3mo pedir una indemnizaci\u00f3n\" srcset=\"https:\/\/aitanasanchez.es\/wp-content\/uploads\/2026\/04\/view-wuxi-lihu-natural-park-300x200.jpg 300w, https:\/\/aitanasanchez.es\/wp-content\/uploads\/2026\/04\/view-wuxi-lihu-natural-park-1024x684.jpg 1024w, https:\/\/aitanasanchez.es\/wp-content\/uploads\/2026\/04\/view-wuxi-lihu-natural-park-768x513.jpg 768w, https:\/\/aitanasanchez.es\/wp-content\/uploads\/2026\/04\/view-wuxi-lihu-natural-park-1536x1025.jpg 1536w, https:\/\/aitanasanchez.es\/wp-content\/uploads\/2026\/04\/view-wuxi-lihu-natural-park-2048x1367.jpg 2048w\" sizes=\"(max-width: 300px) 100vw, 300px\" \/><\/div><\/a>\n\t\t\t\t<div class=\"elementor-post__text\">\n\t\t\t\t<h3 class=\"elementor-post__title\">\n\t\t\t<a href=\"https:\/\/aitanasanchez.es\/ca\/advocat-accident-de-transit\/abogado-especialista-en-accidentes-de-trafico-en-barcelona-cuando-y-como-pedir-una-indemnizacion\/\" >\n\t\t\t\tAdvocat especialista en accidents de tr\u00e0nsit a Barcelona: quan i com demanar una indemnitzaci\u00f3\t\t\t<\/a>\n\t\t<\/h3>\n\t\t\n\t\t<a class=\"elementor-post__read-more\" href=\"https:\/\/aitanasanchez.es\/ca\/advocat-accident-de-transit\/abogado-especialista-en-accidentes-de-trafico-en-barcelona-cuando-y-como-pedir-una-indemnizacion\/\" aria-label=\"Read more about Advocat especialista en accidents de tr\u00e0nsit a Barcelona: quan i com demanar una indemnitzaci\u00f3\" tabindex=\"-1\" >\n\t\t\tLlegir m\u00e9s \u00bb\t\t<\/a>\n\n\t\t\t\t<\/div>\n\t\t\t\t\t<\/div>\n\t\t<\/article>\n\t\t\t\t<article class=\"elementor-post elementor-grid-item post-6419 post type-post status-publish format-standard has-post-thumbnail hentry category-negligencies-mediques-al-part category-negligencies-mediques-barcelona tag-advocat-negligencies-mediques tag-hipoxia-neonatal-ca tag-negligencies-mediques-barcelona\" role=\"listitem\">\n\t\t\t<div class=\"elementor-post__card\">\n\t\t\t\t<a class=\"elementor-post__thumbnail__link\" href=\"https:\/\/aitanasanchez.es\/ca\/negligencies-mediques-al-part\/bufete-de-abogados-para-negligencias-medicas-en-barcelona-como-actuar-ante-un-caso-de-hipoxia-neonatal\/\" tabindex=\"-1\" ><div class=\"elementor-post__thumbnail\"><img decoding=\"async\" width=\"300\" height=\"200\" src=\"https:\/\/aitanasanchez.es\/wp-content\/uploads\/2026\/04\/long-shot-bird-lake-with-blurred-background-300x200.jpg\" class=\"attachment-medium size-medium wp-image-6420\" alt=\"Bufete de abogados para negligencias m\u00e9dicas en Barcelona: c\u00f3mo actuar ante un caso de hipoxia neonatal\" srcset=\"https:\/\/aitanasanchez.es\/wp-content\/uploads\/2026\/04\/long-shot-bird-lake-with-blurred-background-300x200.jpg 300w, https:\/\/aitanasanchez.es\/wp-content\/uploads\/2026\/04\/long-shot-bird-lake-with-blurred-background-1024x683.jpg 1024w, https:\/\/aitanasanchez.es\/wp-content\/uploads\/2026\/04\/long-shot-bird-lake-with-blurred-background-768x512.jpg 768w, https:\/\/aitanasanchez.es\/wp-content\/uploads\/2026\/04\/long-shot-bird-lake-with-blurred-background-1536x1024.jpg 1536w, https:\/\/aitanasanchez.es\/wp-content\/uploads\/2026\/04\/long-shot-bird-lake-with-blurred-background-2048x1365.jpg 2048w\" sizes=\"(max-width: 300px) 100vw, 300px\" \/><\/div><\/a>\n\t\t\t\t<div class=\"elementor-post__text\">\n\t\t\t\t<h3 class=\"elementor-post__title\">\n\t\t\t<a href=\"https:\/\/aitanasanchez.es\/ca\/negligencies-mediques-al-part\/bufete-de-abogados-para-negligencias-medicas-en-barcelona-como-actuar-ante-un-caso-de-hipoxia-neonatal\/\" >\n\t\t\t\tBufet d&#8217;advocats per a neglig\u00e8ncies m\u00e8diques a Barcelona: com actuar davant un cas d&#8217;hip\u00f2xia neonatal\t\t\t<\/a>\n\t\t<\/h3>\n\t\t\n\t\t<a class=\"elementor-post__read-more\" href=\"https:\/\/aitanasanchez.es\/ca\/negligencies-mediques-al-part\/bufete-de-abogados-para-negligencias-medicas-en-barcelona-como-actuar-ante-un-caso-de-hipoxia-neonatal\/\" aria-label=\"Read more about Bufet d&#8217;advocats per a neglig\u00e8ncies m\u00e8diques a Barcelona: com actuar davant un cas d&#8217;hip\u00f2xia neonatal\" tabindex=\"-1\" >\n\t\t\tLlegir m\u00e9s \u00bb\t\t<\/a>\n\n\t\t\t\t<\/div>\n\t\t\t\t\t<\/div>\n\t\t<\/article>\n\t\t\t\t<article class=\"elementor-post elementor-grid-item post-6411 post type-post status-publish format-standard has-post-thumbnail hentry category-negligencies-mediques-barcelona tag-perdida-de-oportunidad-sanitaria\" role=\"listitem\">\n\t\t\t<div class=\"elementor-post__card\">\n\t\t\t\t<a class=\"elementor-post__thumbnail__link\" href=\"https:\/\/aitanasanchez.es\/ca\/negligencies-mediques-barcelona\/perdida-de-oportunidad-sanitaria-que-es-y-cuando-se-considera-negligencia-medica\/\" tabindex=\"-1\" ><div class=\"elementor-post__thumbnail\"><img decoding=\"async\" width=\"300\" height=\"225\" src=\"https:\/\/aitanasanchez.es\/wp-content\/uploads\/2026\/03\/3d-landscape-with-stepping-stones-ocean-against-sunset-sky-300x225.jpg\" class=\"attachment-medium size-medium wp-image-6412\" alt=\"P\u00e9rdida de oportunidad sanitaria: qu\u00e9 es y cu\u00e1ndo se considera negligencia m\u00e9dica\" srcset=\"https:\/\/aitanasanchez.es\/wp-content\/uploads\/2026\/03\/3d-landscape-with-stepping-stones-ocean-against-sunset-sky-300x225.jpg 300w, https:\/\/aitanasanchez.es\/wp-content\/uploads\/2026\/03\/3d-landscape-with-stepping-stones-ocean-against-sunset-sky-1024x768.jpg 1024w, https:\/\/aitanasanchez.es\/wp-content\/uploads\/2026\/03\/3d-landscape-with-stepping-stones-ocean-against-sunset-sky-768x576.jpg 768w, https:\/\/aitanasanchez.es\/wp-content\/uploads\/2026\/03\/3d-landscape-with-stepping-stones-ocean-against-sunset-sky-1536x1152.jpg 1536w, https:\/\/aitanasanchez.es\/wp-content\/uploads\/2026\/03\/3d-landscape-with-stepping-stones-ocean-against-sunset-sky-2048x1536.jpg 2048w\" sizes=\"(max-width: 300px) 100vw, 300px\" \/><\/div><\/a>\n\t\t\t\t<div class=\"elementor-post__text\">\n\t\t\t\t<h3 class=\"elementor-post__title\">\n\t\t\t<a href=\"https:\/\/aitanasanchez.es\/ca\/negligencies-mediques-barcelona\/perdida-de-oportunidad-sanitaria-que-es-y-cuando-se-considera-negligencia-medica\/\" >\n\t\t\t\tP\u00e8rdua d&#8217;oportunitat sanit\u00e0ria: qu\u00e8 \u00e9s i quan es considera neglig\u00e8ncia m\u00e8dica\t\t\t<\/a>\n\t\t<\/h3>\n\t\t\n\t\t<a class=\"elementor-post__read-more\" href=\"https:\/\/aitanasanchez.es\/ca\/negligencies-mediques-barcelona\/perdida-de-oportunidad-sanitaria-que-es-y-cuando-se-considera-negligencia-medica\/\" aria-label=\"Read more about P\u00e8rdua d&#8217;oportunitat sanit\u00e0ria: qu\u00e8 \u00e9s i quan es considera neglig\u00e8ncia m\u00e8dica\" tabindex=\"-1\" >\n\t\t\tLlegir m\u00e9s \u00bb\t\t<\/a>\n\n\t\t\t\t<\/div>\n\t\t\t\t\t<\/div>\n\t\t<\/article>\n\t\t\t\t<\/div>\n\t\t\n\t\t\t\t\t\t<\/div>\n\t\t\t\t<\/div>\n\t\t\t\t<div class=\"elementor-element elementor-element-5dd2e1b2 elementor-widget elementor-widget-spacer\" data-id=\"5dd2e1b2\" data-element_type=\"widget\" data-widget_type=\"spacer.default\">\n\t\t\t\t<div class=\"elementor-widget-container\">\n\t\t\t\t\t\t\t<div class=\"elementor-spacer\">\n\t\t\t<div class=\"elementor-spacer-inner\"><\/div>\n\t\t<\/div>\n\t\t\t\t\t\t<\/div>\n\t\t\t\t<\/div>\n\t\t\t\t\t<\/div>\n\t\t<\/div>\n\t\t\t\t\t<\/div>\n\t\t<\/section>\n\t\t\t\t<\/div>\n\t\t","protected":false},"excerpt":{"rendered":"<p>Dret laboral Advocat incapacitat laboral Barcelona No podeu tornar a treballar? Com podem ajudar-te si en el desenvolupament de la seva activitat laboral el treballador<\/p>\n","protected":false},"author":1,"featured_media":0,"parent":0,"menu_order":0,"comment_status":"closed","ping_status":"closed","template":"","meta":{"footnotes":""},"class_list":["post-5305","page","type-page","status-publish","hentry"],"_links":{"self":[{"href":"https:\/\/aitanasanchez.es\/ca\/wp-json\/wp\/v2\/pages\/5305","targetHints":{"allow":["GET"]}}],"collection":[{"href":"https:\/\/aitanasanchez.es\/ca\/wp-json\/wp\/v2\/pages"}],"about":[{"href":"https:\/\/aitanasanchez.es\/ca\/wp-json\/wp\/v2\/types\/page"}],"author":[{"embeddable":true,"href":"https:\/\/aitanasanchez.es\/ca\/wp-json\/wp\/v2\/users\/1"}],"replies":[{"embeddable":true,"href":"https:\/\/aitanasanchez.es\/ca\/wp-json\/wp\/v2\/comments?post=5305"}],"version-history":[{"count":2,"href":"https:\/\/aitanasanchez.es\/ca\/wp-json\/wp\/v2\/pages\/5305\/revisions"}],"predecessor-version":[{"id":6133,"href":"https:\/\/aitanasanchez.es\/ca\/wp-json\/wp\/v2\/pages\/5305\/revisions\/6133"}],"wp:attachment":[{"href":"https:\/\/aitanasanchez.es\/ca\/wp-json\/wp\/v2\/media?parent=5305"}],"curies":[{"name":"wp","href":"https:\/\/api.w.org\/{rel}","templated":true}]}}